{"id":19321,"date":"2025-05-08T18:29:16","date_gmt":"2025-05-08T16:29:16","guid":{"rendered":"https:\/\/www.thecutbarcelona.com\/?page_id=19321"},"modified":"2026-04-09T19:29:51","modified_gmt":"2026-04-09T17:29:51","slug":"venerdi-taglio-salato","status":"publish","type":"page","link":"https:\/\/www.thecutbarcelona.com\/it\/eventos\/viernes-salty-cut\/","title":{"rendered":"VENERD\u00cc TAGLIO SALATO"},"content":{"rendered":"<div data-elementor-type=\"wp-page\" data-elementor-id=\"19321\" class=\"elementor elementor-19321\" data-elementor-post-type=\"page\">\n\t\t\t\t\t\t<section class=\"elementor-section elementor-top-section elementor-element elementor-element-a05d352 elementor-section-boxed elementor-section-height-default elementor-section-height-default\" data-id=\"a05d352\" data-element_type=\"section\" data-e-type=\"section\" id=\"reverse-column\">\n\t\t\t\t\t\t<div class=\"elementor-container elementor-column-gap-default\">\n\t\t\t\t\t<div class=\"elementor-column elementor-col-50 elementor-top-column elementor-element elementor-element-082e41b\" data-id=\"082e41b\" data-element_type=\"column\" data-e-type=\"column\" data-settings=\"{&quot;background_background&quot;:&quot;classic&quot;}\">\n\t\t\t<div class=\"elementor-widget-wrap elementor-element-populated\">\n\t\t\t\t\t\t<section class=\"elementor-section elementor-inner-section elementor-element elementor-element-6c6fed8 elementor-section-content-middle elementor-section-boxed elementor-section-height-default elementor-section-height-default\" data-id=\"6c6fed8\" data-element_type=\"section\" data-e-type=\"section\">\n\t\t\t\t\t\t<div class=\"elementor-container elementor-column-gap-default\">\n\t\t\t\t\t<div class=\"elementor-column elementor-col-100 elementor-inner-column elementor-element elementor-element-adf5139\" data-id=\"adf5139\" data-element_type=\"column\" data-e-type=\"column\">\n\t\t\t<div class=\"elementor-widget-wrap elementor-element-populated\">\n\t\t\t\t\t\t<div class=\"elementor-element elementor-element-714d436 elementor-widget elementor-widget-heading\" data-id=\"714d436\" data-element_type=\"widget\" data-e-type=\"widget\" data-widget_type=\"heading.default\">\n\t\t\t\t<div class=\"elementor-widget-container\">\n\t\t\t\t\t<h2 class=\"elementor-heading-title elementor-size-default\">Eventi quotidiani<\/h2>\t\t\t\t<\/div>\n\t\t\t\t<\/div>\n\t\t\t\t<div class=\"elementor-element elementor-element-0600e3a elementor-icon-list--layout-traditional elementor-list-item-link-full_width elementor-widget elementor-widget-icon-list\" data-id=\"0600e3a\" data-element_type=\"widget\" data-e-type=\"widget\" data-widget_type=\"icon-list.default\">\n\t\t\t\t<div class=\"elementor-widget-container\">\n\t\t\t\t\t\t\t<ul class=\"elementor-icon-list-items\">\n\t\t\t\t\t\t\t<li class=\"elementor-icon-list-item\">\n\t\t\t\t\t\t\t\t\t\t\t<a href=\"https:\/\/www.thecutbarcelona.com\/it\/eventi\/lunedi-quanto-pesa\/\">\n\n\t\t\t\t\t\t\t\t\t\t\t<span class=\"elementor-icon-list-text\">Luned\u00ec: QUANTO PESA<\/span>\n\t\t\t\t\t\t\t\t\t\t\t<\/a>\n\t\t\t\t\t\t\t\t\t<\/li>\n\t\t\t\t\t\t\t\t<li class=\"elementor-icon-list-item\">\n\t\t\t\t\t\t\t\t\t\t\t<a href=\"https:\/\/www.thecutbarcelona.com\/it\/eventi\/martedi-taglio-verde\/\">\n\n\t\t\t\t\t\t\t\t\t\t\t<span class=\"elementor-icon-list-text\">Marted\u00ec: MARTEDI' TAGLIO VERDE<\/span>\n\t\t\t\t\t\t\t\t\t\t\t<\/a>\n\t\t\t\t\t\t\t\t\t<\/li>\n\t\t\t\t\t\t\t\t<li class=\"elementor-icon-list-item\">\n\t\t\t\t\t\t\t\t\t\t\t<a href=\"https:\/\/www.thecutbarcelona.com\/it\/eventi\/mercoledi-amici\/\">\n\n\t\t\t\t\t\t\t\t\t\t\t<span class=\"elementor-icon-list-text\">Mercoled\u00ec: AMICI DEL TAGLIO DEL MERCOLED\u00cc<\/span>\n\t\t\t\t\t\t\t\t\t\t\t<\/a>\n\t\t\t\t\t\t\t\t\t<\/li>\n\t\t\t\t\t\t\t\t<li class=\"elementor-icon-list-item\">\n\t\t\t\t\t\t\t\t\t\t\t<a href=\"https:\/\/www.thecutbarcelona.com\/it\/eventi\/estratti-del-mercoledi\/\">\n\n\t\t\t\t\t\t\t\t\t\t\t<span class=\"elementor-icon-list-text\">Mercoled\u00ec: ESTRATTO DI MERCOLED\u00cc<\/span>\n\t\t\t\t\t\t\t\t\t\t\t<\/a>\n\t\t\t\t\t\t\t\t\t<\/li>\n\t\t\t\t\t\t\t\t<li class=\"elementor-icon-list-item\">\n\t\t\t\t\t\t\t\t\t\t\t<a href=\"https:\/\/www.thecutbarcelona.com\/it\/eventi\/i-preferiti-del-giovedi\/\">\n\n\t\t\t\t\t\t\t\t\t\t\t<span class=\"elementor-icon-list-text\">Gioved\u00ec: I preferiti di gioved\u00ec<\/span>\n\t\t\t\t\t\t\t\t\t\t\t<\/a>\n\t\t\t\t\t\t\t\t\t<\/li>\n\t\t\t\t\t\t\t\t<li class=\"elementor-icon-list-item\">\n\t\t\t\t\t\t\t\t\t\t\t<a href=\"https:\/\/www.thecutbarcelona.com\/it\/eventi\/venerdi-taglio-salato\/\">\n\n\t\t\t\t\t\t\t\t\t\t\t<span class=\"elementor-icon-list-text\"><strong>Venerd\u00ec: VENERDI' TAGLIO SALATO<\/strong><\/span>\n\t\t\t\t\t\t\t\t\t\t\t<\/a>\n\t\t\t\t\t\t\t\t\t<\/li>\n\t\t\t\t\t\t\t\t<li class=\"elementor-icon-list-item\">\n\t\t\t\t\t\t\t\t\t\t\t<a href=\"https:\/\/www.thecutbarcelona.com\/it\/eventi\/sabbath-sabahash\/\">\n\n\t\t\t\t\t\t\t\t\t\t\t<span class=\"elementor-icon-list-text\">Sabato: SABATO SABAHASH<\/span>\n\t\t\t\t\t\t\t\t\t\t\t<\/a>\n\t\t\t\t\t\t\t\t\t<\/li>\n\t\t\t\t\t\t\t\t<li class=\"elementor-icon-list-item\">\n\t\t\t\t\t\t\t\t\t\t\t<a href=\"https:\/\/www.thecutbarcelona.com\/it\/eventi\/domenica-50-crd\/\">\n\n\t\t\t\t\t\t\t\t\t\t\t<span class=\"elementor-icon-list-text\">Domenica: DOMENICA +50 CRD<\/span>\n\t\t\t\t\t\t\t\t\t\t\t<\/a>\n\t\t\t\t\t\t\t\t\t<\/li>\n\t\t\t\t\t\t<\/ul>\n\t\t\t\t\t\t<\/div>\n\t\t\t\t<\/div>\n\t\t\t\t\t<\/div>\n\t\t<\/div>\n\t\t\t\t\t<\/div>\n\t\t<\/section>\n\t\t\t\t\t<\/div>\n\t\t<\/div>\n\t\t\t\t<div class=\"elementor-column elementor-col-50 elementor-top-column elementor-element elementor-element-81b9d62\" data-id=\"81b9d62\" data-element_type=\"column\" data-e-type=\"column\" data-settings=\"{&quot;background_background&quot;:&quot;classic&quot;}\">\n\t\t\t<div class=\"elementor-widget-wrap elementor-element-populated\">\n\t\t\t\t\t\t<section class=\"elementor-section elementor-inner-section elementor-element elementor-element-4189ee4 elementor-section-content-middle reverse-column elementor-section-boxed elementor-section-height-default elementor-section-height-default\" data-id=\"4189ee4\" data-element_type=\"section\" data-e-type=\"section\">\n\t\t\t\t\t\t<div class=\"elementor-container elementor-column-gap-default\">\n\t\t\t\t\t<div class=\"elementor-column elementor-col-50 elementor-inner-column elementor-element elementor-element-8f50ea9\" data-id=\"8f50ea9\" data-element_type=\"column\" data-e-type=\"column\">\n\t\t\t<div class=\"elementor-widget-wrap elementor-element-populated\">\n\t\t\t\t\t\t<div class=\"elementor-element elementor-element-9ef60aa elementor-widget elementor-widget-heading\" data-id=\"9ef60aa\" data-element_type=\"widget\" data-e-type=\"widget\" data-widget_type=\"heading.default\">\n\t\t\t\t<div class=\"elementor-widget-container\">\n\t\t\t\t\t<h1 class=\"elementor-heading-title elementor-size-default\">VENERDI' SALTY CUT - Spuntino pomeridiano con buone vibrazioni a 19hs.<\/h1>\t\t\t\t<\/div>\n\t\t\t\t<\/div>\n\t\t\t\t<div class=\"elementor-element elementor-element-719e00c elementor-widget elementor-widget-text-editor\" data-id=\"719e00c\" data-element_type=\"widget\" data-e-type=\"widget\" data-widget_type=\"text-editor.default\">\n\t\t\t\t<div class=\"elementor-widget-container\">\n\t\t\t\t\t\t\t\t\t<div class=\"elementor-element elementor-element-3c75849 elementor-widget elementor-widget-text-editor\" data-id=\"3c75849\" data-element_type=\"widget\" data-widget_type=\"text-editor.default\"><div class=\"elementor-widget-container\"><p>Il modo migliore per concludere la settimana \u00e8 con il buon gusto e la compagnia. Questo venerd\u00ec alle 19, venite a gustare uno spuntino speciale, circondati da amici, buone vibrazioni e prelibatezze. Perch\u00e9 ogni boccone \u00e8 pi\u00f9 buono se condiviso.<\/p><\/div><\/div>\t\t\t\t\t\t\t\t<\/div>\n\t\t\t\t<\/div>\n\t\t\t\t<div class=\"elementor-element elementor-element-c5d64a8 elementor-widget elementor-widget-heading\" data-id=\"c5d64a8\" data-element_type=\"widget\" data-e-type=\"widget\" data-widget_type=\"heading.default\">\n\t\t\t\t<div class=\"elementor-widget-container\">\n\t\t\t\t\t<h3 class=\"elementor-heading-title elementor-size-default\">Condizioni dell'evento<\/h3>\t\t\t\t<\/div>\n\t\t\t\t<\/div>\n\t\t\t\t<div class=\"elementor-element elementor-element-931411b elementor-widget elementor-widget-text-editor\" data-id=\"931411b\" data-element_type=\"widget\" data-e-type=\"widget\" data-widget_type=\"text-editor.default\">\n\t\t\t\t<div class=\"elementor-widget-container\">\n\t\t\t\t\t\t\t\t\t<ul><li>Incoraggiamo il consumo responsabile e ricordiamo a tutti i partecipanti di consumare la cannabis con moderazione.<\/li><li>Questo evento \u00e8 destinato esclusivamente a scopi educativi e ricreativi.<\/li><li>Portate con voi un documento d'identit\u00e0 valido per verificare la vostra et\u00e0 e la vostra identit\u00e0.<\/li><\/ul>\t\t\t\t\t\t\t\t<\/div>\n\t\t\t\t<\/div>\n\t\t\t\t<section class=\"elementor-section elementor-inner-section elementor-element elementor-element-92d40ef elementor-section-boxed elementor-section-height-default elementor-section-height-default\" data-id=\"92d40ef\" data-element_type=\"section\" data-e-type=\"section\">\n\t\t\t\t\t\t<div class=\"elementor-container elementor-column-gap-default\">\n\t\t\t\t\t<div class=\"elementor-column elementor-col-50 elementor-inner-column elementor-element elementor-element-1d558bf\" data-id=\"1d558bf\" data-element_type=\"column\" data-e-type=\"column\" data-settings=\"{&quot;background_background&quot;:&quot;classic&quot;}\">\n\t\t\t<div class=\"elementor-widget-wrap elementor-element-populated\">\n\t\t\t\t\t\t<div class=\"elementor-element elementor-element-f48344f elementor-position-inline-start elementor-view-default elementor-mobile-position-block-start elementor-widget elementor-widget-icon-box\" data-id=\"f48344f\" data-element_type=\"widget\" data-e-type=\"widget\" data-widget_type=\"icon-box.default\">\n\t\t\t\t<div class=\"elementor-widget-container\">\n\t\t\t\t\t\t\t<div class=\"elementor-icon-box-wrapper\">\n\n\t\t\t\t\t\t<div class=\"elementor-icon-box-icon\">\n\t\t\t\t<span  class=\"elementor-icon\">\n\t\t\t\t<i aria-hidden=\"true\" class=\"far fa-calendar-alt\"><\/i>\t\t\t\t<\/span>\n\t\t\t<\/div>\n\t\t\t\n\t\t\t\t\t\t<div class=\"elementor-icon-box-content\">\n\n\t\t\t\t\t\t\t\t\t<h3 class=\"elementor-icon-box-title\">\n\t\t\t\t\t\t<span  >\n\t\t\t\t\t\t\tGiorno:\t\t\t\t\t\t<\/span>\n\t\t\t\t\t<\/h3>\n\t\t\t\t\n\t\t\t\t\t\t\t\t\t<p class=\"elementor-icon-box-description\">\n\t\t\t\t\t\tVenerd\u00ec\t\t\t\t\t<\/p>\n\t\t\t\t\n\t\t\t<\/div>\n\t\t\t\n\t\t<\/div>\n\t\t\t\t\t\t<\/div>\n\t\t\t\t<\/div>\n\t\t\t\t\t<\/div>\n\t\t<\/div>\n\t\t\t\t<div class=\"elementor-column elementor-col-50 elementor-inner-column elementor-element elementor-element-f84b562\" data-id=\"f84b562\" data-element_type=\"column\" data-e-type=\"column\" data-settings=\"{&quot;background_background&quot;:&quot;classic&quot;}\">\n\t\t\t<div class=\"elementor-widget-wrap elementor-element-populated\">\n\t\t\t\t\t\t<div class=\"elementor-element elementor-element-2965364 elementor-position-inline-start elementor-view-default elementor-mobile-position-block-start elementor-widget elementor-widget-icon-box\" data-id=\"2965364\" data-element_type=\"widget\" data-e-type=\"widget\" data-widget_type=\"icon-box.default\">\n\t\t\t\t<div class=\"elementor-widget-container\">\n\t\t\t\t\t\t\t<div class=\"elementor-icon-box-wrapper\">\n\n\t\t\t\t\t\t<div class=\"elementor-icon-box-icon\">\n\t\t\t\t<span  class=\"elementor-icon\">\n\t\t\t\t<i aria-hidden=\"true\" class=\"far fa-clock\"><\/i>\t\t\t\t<\/span>\n\t\t\t<\/div>\n\t\t\t\n\t\t\t\t\t\t<div class=\"elementor-icon-box-content\">\n\n\t\t\t\t\t\t\t\t\t<h3 class=\"elementor-icon-box-title\">\n\t\t\t\t\t\t<span  >\n\t\t\t\t\t\t\tOrario:\t\t\t\t\t\t<\/span>\n\t\t\t\t\t<\/h3>\n\t\t\t\t\n\t\t\t\t\t\t\t\t\t<p class=\"elementor-icon-box-description\">\n\t\t\t\t\t\tTutto il giorno\n\n\t\t\t\t\t<\/p>\n\t\t\t\t\n\t\t\t<\/div>\n\t\t\t\n\t\t<\/div>\n\t\t\t\t\t\t<\/div>\n\t\t\t\t<\/div>\n\t\t\t\t\t<\/div>\n\t\t<\/div>\n\t\t\t\t\t<\/div>\n\t\t<\/section>\n\t\t\t\t<section class=\"elementor-section elementor-inner-section elementor-element elementor-element-f510dc4 elementor-section-boxed elementor-section-height-default elementor-section-height-default\" data-id=\"f510dc4\" data-element_type=\"section\" data-e-type=\"section\">\n\t\t\t\t\t\t<div class=\"elementor-container elementor-column-gap-default\">\n\t\t\t\t\t<div class=\"elementor-column elementor-col-50 elementor-inner-column elementor-element elementor-element-b20728d\" data-id=\"b20728d\" data-element_type=\"column\" data-e-type=\"column\" data-settings=\"{&quot;background_background&quot;:&quot;classic&quot;}\">\n\t\t\t<div class=\"elementor-widget-wrap elementor-element-populated\">\n\t\t\t\t\t\t<div class=\"elementor-element elementor-element-1ff646b elementor-position-inline-start elementor-view-default elementor-mobile-position-block-start elementor-widget elementor-widget-icon-box\" data-id=\"1ff646b\" data-element_type=\"widget\" data-e-type=\"widget\" data-widget_type=\"icon-box.default\">\n\t\t\t\t<div class=\"elementor-widget-container\">\n\t\t\t\t\t\t\t<div class=\"elementor-icon-box-wrapper\">\n\n\t\t\t\t\t\t<div class=\"elementor-icon-box-icon\">\n\t\t\t\t<span  class=\"elementor-icon\">\n\t\t\t\t<i aria-hidden=\"true\" class=\"fas fa-map-marker-alt\"><\/i>\t\t\t\t<\/span>\n\t\t\t<\/div>\n\t\t\t\n\t\t\t\t\t\t<div class=\"elementor-icon-box-content\">\n\n\t\t\t\t\t\t\t\t\t<h3 class=\"elementor-icon-box-title\">\n\t\t\t\t\t\t<span  >\n\t\t\t\t\t\t\tLuogo\t\t\t\t\t\t<\/span>\n\t\t\t\t\t<\/h3>\n\t\t\t\t\n\t\t\t\t\t\t\t\t\t<p class=\"elementor-icon-box-description\">\n\t\t\t\t\t\tIl taglio di Barcellona\t\t\t\t\t<\/p>\n\t\t\t\t\n\t\t\t<\/div>\n\t\t\t\n\t\t<\/div>\n\t\t\t\t\t\t<\/div>\n\t\t\t\t<\/div>\n\t\t\t\t\t<\/div>\n\t\t<\/div>\n\t\t\t\t<div class=\"elementor-column elementor-col-50 elementor-inner-column elementor-element elementor-element-6a00298\" data-id=\"6a00298\" data-element_type=\"column\" data-e-type=\"column\" data-settings=\"{&quot;background_background&quot;:&quot;classic&quot;}\">\n\t\t\t<div class=\"elementor-widget-wrap elementor-element-populated\">\n\t\t\t\t\t\t<div class=\"elementor-element elementor-element-bc7b279 elementor-position-inline-start elementor-view-default elementor-mobile-position-block-start elementor-widget elementor-widget-icon-box\" data-id=\"bc7b279\" data-element_type=\"widget\" data-e-type=\"widget\" data-widget_type=\"icon-box.default\">\n\t\t\t\t<div class=\"elementor-widget-container\">\n\t\t\t\t\t\t\t<div class=\"elementor-icon-box-wrapper\">\n\n\t\t\t\t\t\t<div class=\"elementor-icon-box-icon\">\n\t\t\t\t<span  class=\"elementor-icon\">\n\t\t\t\t<i aria-hidden=\"true\" class=\"fas fa-user-friends\"><\/i>\t\t\t\t<\/span>\n\t\t\t<\/div>\n\t\t\t\n\t\t\t\t\t\t<div class=\"elementor-icon-box-content\">\n\n\t\t\t\t\t\t\t\t\t<h3 class=\"elementor-icon-box-title\">\n\t\t\t\t\t\t<span  >\n\t\t\t\t\t\t\tAccesso:\t\t\t\t\t\t<\/span>\n\t\t\t\t\t<\/h3>\n\t\t\t\t\n\t\t\t\t\t\t\t\t\t<p class=\"elementor-icon-box-description\">\n\t\t\t\t\t\tSolo per i soci\t\t\t\t\t<\/p>\n\t\t\t\t\n\t\t\t<\/div>\n\t\t\t\n\t\t<\/div>\n\t\t\t\t\t\t<\/div>\n\t\t\t\t<\/div>\n\t\t\t\t\t<\/div>\n\t\t<\/div>\n\t\t\t\t\t<\/div>\n\t\t<\/section>\n\t\t\t\t\t<\/div>\n\t\t<\/div>\n\t\t\t\t<div class=\"elementor-column elementor-col-50 elementor-inner-column elementor-element elementor-element-4a6be13\" data-id=\"4a6be13\" data-element_type=\"column\" data-e-type=\"column\">\n\t\t\t<div class=\"elementor-widget-wrap elementor-element-populated\">\n\t\t\t\t\t\t<div class=\"elementor-element elementor-element-3fe69b9 elementor-widget elementor-widget-image\" data-id=\"3fe69b9\" data-element_type=\"widget\" data-e-type=\"widget\" data-widget_type=\"image.default\">\n\t\t\t\t<div class=\"elementor-widget-container\">\n\t\t\t\t\t\t\t\t\t\t\t\t\t\t\t<img fetchpriority=\"high\" decoding=\"async\" width=\"576\" height=\"1024\" src=\"https:\/\/www.thecutbarcelona.com\/wp-content\/uploads\/viernes-salty-cut-weed-club-barcelona-576x1024.jpg\" class=\"attachment-large size-large wp-image-19924\" alt=\"\" srcset=\"https:\/\/www.thecutbarcelona.com\/wp-content\/uploads\/viernes-salty-cut-weed-club-barcelona-576x1024.jpg 576w, https:\/\/www.thecutbarcelona.com\/wp-content\/uploads\/viernes-salty-cut-weed-club-barcelona-169x300.jpg 169w, https:\/\/www.thecutbarcelona.com\/wp-content\/uploads\/viernes-salty-cut-weed-club-barcelona-768x1365.jpg 768w, https:\/\/www.thecutbarcelona.com\/wp-content\/uploads\/viernes-salty-cut-weed-club-barcelona-864x1536.jpg 864w, https:\/\/www.thecutbarcelona.com\/wp-content\/uploads\/viernes-salty-cut-weed-club-barcelona-7x12.jpg 7w, https:\/\/www.thecutbarcelona.com\/wp-content\/uploads\/viernes-salty-cut-weed-club-barcelona.jpg 1080w\" sizes=\"(max-width: 576px) 100vw, 576px\" \/>\t\t\t\t\t\t\t\t\t\t\t\t\t\t\t<\/div>\n\t\t\t\t<\/div>\n\t\t\t\t\t<\/div>\n\t\t<\/div>\n\t\t\t\t\t<\/div>\n\t\t<\/section>\n\t\t\t\t\t<\/div>\n\t\t<\/div>\n\t\t\t\t\t<\/div>\n\t\t<\/section>\n\t\t\t\t<section class=\"elementor-section elementor-top-section elementor-element elementor-element-bdf8f14 reverse-column elementor-section-boxed elementor-section-height-default elementor-section-height-default\" data-id=\"bdf8f14\" data-element_type=\"section\" data-e-type=\"section\">\n\t\t\t\t\t\t<div class=\"elementor-container elementor-column-gap-default\">\n\t\t\t\t\t<div class=\"elementor-column elementor-col-100 elementor-top-column elementor-element elementor-element-c1ccaf7\" data-id=\"c1ccaf7\" data-element_type=\"column\" data-e-type=\"column\" data-settings=\"{&quot;background_background&quot;:&quot;classic&quot;}\">\n\t\t\t<div class=\"elementor-widget-wrap elementor-element-populated\">\n\t\t\t\t\t\t<div class=\"elementor-element elementor-element-8dcd79e elementor-widget elementor-widget-heading\" data-id=\"8dcd79e\" data-element_type=\"widget\" data-e-type=\"widget\" data-widget_type=\"heading.default\">\n\t\t\t\t<div class=\"elementor-widget-container\">\n\t\t\t\t\t<h3 class=\"elementor-heading-title elementor-size-default\">Galleria<\/h3>\t\t\t\t<\/div>\n\t\t\t\t<\/div>\n\t\t\t\t<div class=\"elementor-element elementor-element-74a48e7 elementor-widget elementor-widget-gallery\" data-id=\"74a48e7\" data-element_type=\"widget\" data-e-type=\"widget\" data-settings=\"{&quot;gallery_layout&quot;:&quot;justified&quot;,&quot;ideal_row_height&quot;:{&quot;unit&quot;:&quot;px&quot;,&quot;size&quot;:350,&quot;sizes&quot;:[]},&quot;lazyload&quot;:&quot;yes&quot;,&quot;ideal_row_height_tablet&quot;:{&quot;unit&quot;:&quot;px&quot;,&quot;size&quot;:150,&quot;sizes&quot;:[]},&quot;ideal_row_height_mobile&quot;:{&quot;unit&quot;:&quot;px&quot;,&quot;size&quot;:150,&quot;sizes&quot;:[]},&quot;gap&quot;:{&quot;unit&quot;:&quot;px&quot;,&quot;size&quot;:10,&quot;sizes&quot;:[]},&quot;gap_tablet&quot;:{&quot;unit&quot;:&quot;px&quot;,&quot;size&quot;:10,&quot;sizes&quot;:[]},&quot;gap_mobile&quot;:{&quot;unit&quot;:&quot;px&quot;,&quot;size&quot;:10,&quot;sizes&quot;:[]},&quot;link_to&quot;:&quot;file&quot;,&quot;overlay_background&quot;:&quot;yes&quot;,&quot;content_hover_animation&quot;:&quot;fade-in&quot;}\" data-widget_type=\"gallery.default\">\n\t\t\t\t<div class=\"elementor-widget-container\">\n\t\t\t\t\t\t\t<div class=\"elementor-gallery__container\">\n\t\t\t\t\t\t\t<a class=\"e-gallery-item elementor-gallery-item elementor-animated-content\" href=\"https:\/\/www.thecutbarcelona.com\/wp-content\/uploads\/Viernes-Salty-Cut-CUBE-Club-de-Marihuana-en-Barcelona-scaled.jpg\" data-elementor-open-lightbox=\"yes\" data-elementor-lightbox-slideshow=\"74a48e7\" data-elementor-lightbox-title=\"Viernes Salty Cut CUBE Club de Marihuana en Barcelona\" data-e-action-hash=\"#elementor-action%3Aaction%3Dlightbox%26settings%3DeyJpZCI6MjA4ODcsInVybCI6Imh0dHBzOlwvXC93d3cudGhlY3V0YmFyY2Vsb25hLmNvbVwvd3AtY29udGVudFwvdXBsb2Fkc1wvVmllcm5lcy1TYWx0eS1DdXQtQ1VCRS1DbHViLWRlLU1hcmlodWFuYS1lbi1CYXJjZWxvbmEtc2NhbGVkLmpwZyIsInNsaWRlc2hvdyI6Ijc0YTQ4ZTcifQ%3D%3D\">\n\t\t\t\t\t<div class=\"e-gallery-image elementor-gallery-item__image\" data-thumbnail=\"https:\/\/www.thecutbarcelona.com\/wp-content\/uploads\/Viernes-Salty-Cut-CUBE-Club-de-Marihuana-en-Barcelona-scaled.jpg\" data-width=\"1707\" data-height=\"2560\" aria-label=\"Evento speciale Salty Cut venerd\u00ec presso l&#039;associazione di cannabis CUBE di Barcellona\" role=\"img\" ><\/div>\n\t\t\t\t\t\t\t\t\t\t\t<div class=\"elementor-gallery-item__overlay\"><\/div>\n\t\t\t\t\t\t\t\t\t\t\t\t\t\t<\/a>\n\t\t\t\t\t\t\t<a class=\"e-gallery-item elementor-gallery-item elementor-animated-content\" href=\"https:\/\/www.thecutbarcelona.com\/wp-content\/uploads\/Viernes-Salty-Cut-en-CUBE-Cannabis-Club-Barcelona-scaled.jpg\" data-elementor-open-lightbox=\"yes\" data-elementor-lightbox-slideshow=\"74a48e7\" data-elementor-lightbox-title=\"Viernes Salty Cut en CUBE Cannabis Club Barcelona\" data-e-action-hash=\"#elementor-action%3Aaction%3Dlightbox%26settings%3DeyJpZCI6MjA4ODgsInVybCI6Imh0dHBzOlwvXC93d3cudGhlY3V0YmFyY2Vsb25hLmNvbVwvd3AtY29udGVudFwvdXBsb2Fkc1wvVmllcm5lcy1TYWx0eS1DdXQtZW4tQ1VCRS1DYW5uYWJpcy1DbHViLUJhcmNlbG9uYS1zY2FsZWQuanBnIiwic2xpZGVzaG93IjoiNzRhNDhlNyJ9\">\n\t\t\t\t\t<div class=\"e-gallery-image elementor-gallery-item__image\" data-thumbnail=\"https:\/\/www.thecutbarcelona.com\/wp-content\/uploads\/Viernes-Salty-Cut-en-CUBE-Cannabis-Club-Barcelona-scaled.jpg\" data-width=\"1707\" data-height=\"2560\" aria-label=\"Persone che si godono l&#039;evento Friday Salty Cut al CUBE, un cannabis club di Barcellona.\" role=\"img\" ><\/div>\n\t\t\t\t\t\t\t\t\t\t\t<div class=\"elementor-gallery-item__overlay\"><\/div>\n\t\t\t\t\t\t\t\t\t\t\t\t\t\t<\/a>\n\t\t\t\t\t\t\t<a class=\"e-gallery-item elementor-gallery-item elementor-animated-content\" href=\"https:\/\/www.thecutbarcelona.com\/wp-content\/uploads\/Viernes-Salty-Cut-en-CUBE-Social-Club-Barcelona.jpg\" data-elementor-open-lightbox=\"yes\" data-elementor-lightbox-slideshow=\"74a48e7\" data-elementor-lightbox-title=\"Viernes Salty Cut en CUBE Social Club Barcelona\" data-e-action-hash=\"#elementor-action%3Aaction%3Dlightbox%26settings%3DeyJpZCI6MjA4ODksInVybCI6Imh0dHBzOlwvXC93d3cudGhlY3V0YmFyY2Vsb25hLmNvbVwvd3AtY29udGVudFwvdXBsb2Fkc1wvVmllcm5lcy1TYWx0eS1DdXQtZW4tQ1VCRS1Tb2NpYWwtQ2x1Yi1CYXJjZWxvbmEuanBnIiwic2xpZGVzaG93IjoiNzRhNDhlNyJ9\">\n\t\t\t\t\t<div class=\"e-gallery-image elementor-gallery-item__image\" data-thumbnail=\"https:\/\/www.thecutbarcelona.com\/wp-content\/uploads\/Viernes-Salty-Cut-en-CUBE-Social-Club-Barcelona.jpg\" data-width=\"1365\" data-height=\"2048\" aria-label=\"L&#039;evento Salty Cut Friday si \u00e8 tenuto presso il social club CUBE di Barcellona.\" role=\"img\" ><\/div>\n\t\t\t\t\t\t\t\t\t\t\t<div class=\"elementor-gallery-item__overlay\"><\/div>\n\t\t\t\t\t\t\t\t\t\t\t\t\t\t<\/a>\n\t\t\t\t\t\t\t<a class=\"e-gallery-item elementor-gallery-item elementor-animated-content\" href=\"https:\/\/www.thecutbarcelona.com\/wp-content\/uploads\/Evento-Salty-Cut-Viernes-en-CUBE-Asociacion-Cannabica-Barcelona-scaled.jpg\" data-elementor-open-lightbox=\"yes\" data-elementor-lightbox-slideshow=\"74a48e7\" data-elementor-lightbox-title=\"Evento Salty Cut Viernes en CUBE Asociaci\u00f3n Cann\u00e1bica Barcelona\" data-e-action-hash=\"#elementor-action%3Aaction%3Dlightbox%26settings%3DeyJpZCI6MjA4OTAsInVybCI6Imh0dHBzOlwvXC93d3cudGhlY3V0YmFyY2Vsb25hLmNvbVwvd3AtY29udGVudFwvdXBsb2Fkc1wvRXZlbnRvLVNhbHR5LUN1dC1WaWVybmVzLWVuLUNVQkUtQXNvY2lhY2lvbi1DYW5uYWJpY2EtQmFyY2Vsb25hLXNjYWxlZC5qcGciLCJzbGlkZXNob3ciOiI3NGE0OGU3In0%3D\">\n\t\t\t\t\t<div class=\"e-gallery-image elementor-gallery-item__image\" data-thumbnail=\"https:\/\/www.thecutbarcelona.com\/wp-content\/uploads\/Evento-Salty-Cut-Viernes-en-CUBE-Asociacion-Cannabica-Barcelona-scaled.jpg\" data-width=\"1920\" data-height=\"2560\" aria-label=\"Evento speciale Salty Cut venerd\u00ec presso l&#039;associazione di cannabis CUBE di Barcellona\" role=\"img\" ><\/div>\n\t\t\t\t\t\t\t\t\t\t\t<div class=\"elementor-gallery-item__overlay\"><\/div>\n\t\t\t\t\t\t\t\t\t\t\t\t\t\t<\/a>\n\t\t\t\t\t\t\t<a class=\"e-gallery-item elementor-gallery-item elementor-animated-content\" href=\"https:\/\/www.thecutbarcelona.com\/wp-content\/uploads\/Salty-Cut-del-Viernes-en-CUBE-Weed-Club-Barcelona-scaled.jpg\" data-elementor-open-lightbox=\"yes\" data-elementor-lightbox-slideshow=\"74a48e7\" data-elementor-lightbox-title=\"Salty Cut del Viernes en CUBE Weed Club Barcelona\" data-e-action-hash=\"#elementor-action%3Aaction%3Dlightbox%26settings%3DeyJpZCI6MjA4OTEsInVybCI6Imh0dHBzOlwvXC93d3cudGhlY3V0YmFyY2Vsb25hLmNvbVwvd3AtY29udGVudFwvdXBsb2Fkc1wvU2FsdHktQ3V0LWRlbC1WaWVybmVzLWVuLUNVQkUtV2VlZC1DbHViLUJhcmNlbG9uYS1zY2FsZWQuanBnIiwic2xpZGVzaG93IjoiNzRhNDhlNyJ9\">\n\t\t\t\t\t<div class=\"e-gallery-image elementor-gallery-item__image\" data-thumbnail=\"https:\/\/www.thecutbarcelona.com\/wp-content\/uploads\/Salty-Cut-del-Viernes-en-CUBE-Weed-Club-Barcelona-scaled.jpg\" data-width=\"1707\" data-height=\"2560\" aria-label=\"Atmosfera rilassata all&#039;evento Salty Cut di venerd\u00ec al CUBE weed club di Barcellona\" role=\"img\" ><\/div>\n\t\t\t\t\t\t\t\t\t\t\t<div class=\"elementor-gallery-item__overlay\"><\/div>\n\t\t\t\t\t\t\t\t\t\t\t\t\t\t<\/a>\n\t\t\t\t\t<\/div>\n\t\t\t\t\t<\/div>\n\t\t\t\t<\/div>\n\t\t\t\t\t<\/div>\n\t\t<\/div>\n\t\t\t\t\t<\/div>\n\t\t<\/section>\n\t\t\t\t<div class=\"elementor-section elementor-top-section elementor-element elementor-element-944caaf elementor-section-stretched elementor-section-boxed elementor-section-height-default elementor-section-height-default\" data-id=\"944caaf\" data-element_type=\"section\" data-e-type=\"section\" data-settings=\"{&quot;stretch_section&quot;:&quot;section-stretched&quot;,&quot;background_background&quot;:&quot;classic&quot;}\">\n\t\t\t\t\t\t\t<div class=\"elementor-background-overlay\"><\/div>\n\t\t\t\t\t\t\t<div class=\"elementor-container elementor-column-gap-default\">\n\t\t\t\t\t<div class=\"elementor-column elementor-col-100 elementor-top-column elementor-element elementor-element-6477bab\" data-id=\"6477bab\" data-element_type=\"column\" data-e-type=\"column\">\n\t\t\t<div class=\"elementor-widget-wrap elementor-element-populated\">\n\t\t\t\t\t\t<div class=\"elementor-section elementor-inner-section elementor-element elementor-element-0aed23f elementor-section-boxed elementor-section-height-default elementor-section-height-default\" data-id=\"0aed23f\" data-element_type=\"section\" data-e-type=\"section\">\n\t\t\t\t\t\t<div class=\"elementor-container elementor-column-gap-default\">\n\t\t\t\t\t<div class=\"elementor-column elementor-col-33 elementor-inner-column elementor-element elementor-element-895c21c\" data-id=\"895c21c\" data-element_type=\"column\" data-e-type=\"column\">\n\t\t\t<div class=\"elementor-widget-wrap\">\n\t\t\t\t\t\t\t<\/div>\n\t\t<\/div>\n\t\t\t\t<div class=\"elementor-column elementor-col-33 elementor-inner-column elementor-element elementor-element-5d77b3b\" data-id=\"5d77b3b\" data-element_type=\"column\" data-e-type=\"column\">\n\t\t\t<div class=\"elementor-widget-wrap elementor-element-populated\">\n\t\t\t\t\t\t<div class=\"elementor-element elementor-element-1a73ad9 elementor-widget elementor-widget-heading\" data-id=\"1a73ad9\" data-element_type=\"widget\" data-e-type=\"widget\" data-widget_type=\"heading.default\">\n\t\t\t\t<div class=\"elementor-widget-container\">\n\t\t\t\t\t<span class=\"elementor-heading-title elementor-size-default\">DIVENTA MEMBRO DELLA NOSTRA ASSOCIAZIONE DI CANNABIS A BARCELLONA OGGI STESSO! <br><u>IL TAGLIO BCN<\/u><\/span>\t\t\t\t<\/div>\n\t\t\t\t<\/div>\n\t\t\t\t<div class=\"elementor-element elementor-element-335b44e elementor-widget elementor-widget-heading\" data-id=\"335b44e\" data-element_type=\"widget\" data-e-type=\"widget\" data-widget_type=\"heading.default\">\n\t\t\t\t<div class=\"elementor-widget-container\">\n\t\t\t\t\t<p class=\"elementor-heading-title elementor-size-default\">1TP5L'ESPERIENZA DI UN'AUTOCUTA<\/p>\t\t\t\t<\/div>\n\t\t\t\t<\/div>\n\t\t\t\t<div class=\"elementor-element elementor-element-55b7c2f elementor-widget elementor-widget-heading\" data-id=\"55b7c2f\" data-element_type=\"widget\" data-e-type=\"widget\" data-widget_type=\"heading.default\">\n\t\t\t\t<div class=\"elementor-widget-container\">\n\t\t\t\t\t<p class=\"elementor-heading-title elementor-size-default\">Non aspettate oltre per godere di tutti i vantaggi che la nostra associazione di cannabis a Barcellona The Cut BCN ha da offrire. Diventate subito membri e iniziate a vivere un'esperienza unica nel nostro cannabis club di Barcellona. Unisciti alla nostra comunit\u00e0 e vivi il mondo della cannabis come mai prima d'ora.<\/p>\t\t\t\t<\/div>\n\t\t\t\t<\/div>\n\t\t\t\t<div class=\"elementor-element elementor-element-8a90d7d elementor-align-center elementor-widget elementor-widget-button\" data-id=\"8a90d7d\" data-element_type=\"widget\" data-e-type=\"widget\" data-widget_type=\"button.default\">\n\t\t\t\t<div class=\"elementor-widget-container\">\n\t\t\t\t\t\t\t\t\t<div class=\"elementor-button-wrapper\">\n\t\t\t\t\t<a class=\"elementor-button elementor-button-link elementor-size-sm\" href=\"https:\/\/www.thecutbarcelona.com\/it\/diventa-membro\/\">\n\t\t\t\t\t\t<span class=\"elementor-button-content-wrapper\">\n\t\t\t\t\t\t<span class=\"elementor-button-icon\">\n\t\t\t\t<i aria-hidden=\"true\" class=\"fas fa-arrow-right\"><\/i>\t\t\t<\/span>\n\t\t\t\t\t\t\t\t\t<span class=\"elementor-button-text\">DIVENTA MEMBRO<\/span>\n\t\t\t\t\t<\/span>\n\t\t\t\t\t<\/a>\n\t\t\t\t<\/div>\n\t\t\t\t\t\t\t\t<\/div>\n\t\t\t\t<\/div>\n\t\t\t\t\t<\/div>\n\t\t<\/div>\n\t\t\t\t<div class=\"elementor-column elementor-col-33 elementor-inner-column elementor-element elementor-element-2ed459e\" data-id=\"2ed459e\" data-element_type=\"column\" data-e-type=\"column\">\n\t\t\t<div class=\"elementor-widget-wrap\">\n\t\t\t\t\t\t\t<\/div>\n\t\t<\/div>\n\t\t\t\t\t<\/div>\n\t\t<\/div>\n\t\t\t\t\t<\/div>\n\t\t<\/div>\n\t\t\t\t\t<\/div>\n\t\t<\/div>\n\t\t\t\t<\/div>","protected":false},"excerpt":{"rendered":"<p>Eventos Diarios Lunes: CU\u00c1NTO PESA Martes: MARTES GREEN CUT Mi\u00e9rcoles: MI\u00c9RCOLES CUT FRIENDS Mi\u00e9rcoles: MI\u00c9RCOLES DE EXTRACTOS Jueves: JUEVES CUT FAVS Viernes: VIERNES SALTY CUT S\u00e1bado: SABADO SABAHASH Domingo: DOMINGO +50 CRD VIERNES SALTY CUT &#8211; Tarde de merienda con buen rollo a las 19hs. La mejor forma de terminar la semana es con buen [&hellip;]<\/p>\n","protected":false},"author":4,"featured_media":19251,"parent":9683,"menu_order":0,"comment_status":"closed","ping_status":"closed","template":"elementor_header_footer","meta":{"_joinchat":[],"footnotes":""},"class_list":["post-19321","page","type-page","status-publish","has-post-thumbnail","hentry"],"_links":{"self":[{"href":"https:\/\/www.thecutbarcelona.com\/it\/wp-json\/wp\/v2\/pages\/19321","targetHints":{"allow":["GET"]}}],"collection":[{"href":"https:\/\/www.thecutbarcelona.com\/it\/wp-json\/wp\/v2\/pages"}],"about":[{"href":"https:\/\/www.thecutbarcelona.com\/it\/wp-json\/wp\/v2\/types\/page"}],"author":[{"embeddable":true,"href":"https:\/\/www.thecutbarcelona.com\/it\/wp-json\/wp\/v2\/users\/4"}],"replies":[{"embeddable":true,"href":"https:\/\/www.thecutbarcelona.com\/it\/wp-json\/wp\/v2\/comments?post=19321"}],"version-history":[{"count":9,"href":"https:\/\/www.thecutbarcelona.com\/it\/wp-json\/wp\/v2\/pages\/19321\/revisions"}],"predecessor-version":[{"id":22947,"href":"https:\/\/www.thecutbarcelona.com\/it\/wp-json\/wp\/v2\/pages\/19321\/revisions\/22947"}],"up":[{"embeddable":true,"href":"https:\/\/www.thecutbarcelona.com\/it\/wp-json\/wp\/v2\/pages\/9683"}],"wp:featuredmedia":[{"embeddable":true,"href":"https:\/\/www.thecutbarcelona.com\/it\/wp-json\/wp\/v2\/media\/19251"}],"wp:attachment":[{"href":"https:\/\/www.thecutbarcelona.com\/it\/wp-json\/wp\/v2\/media?parent=19321"}],"curies":[{"name":"wp","href":"https:\/\/api.w.org\/{rel}","templated":true}]}}